{"id":4425,"date":"2023-07-22T00:30:35","date_gmt":"2023-07-21T22:30:35","guid":{"rendered":"https:\/\/festival-celtique.com\/choeur-celtique-de-st-malachie\/"},"modified":"2023-08-18T17:10:47","modified_gmt":"2023-08-18T15:10:47","slug":"choeur-celtique-de-st-malachie","status":"publish","type":"page","link":"https:\/\/festival-celtique.com\/en\/choeur-celtique-de-st-malachie\/","title":{"rendered":"Ch\u0153ur Celtique de St-Malachie"},"content":{"rendered":"\t\t<div data-elementor-type=\"wp-page\" data-elementor-id=\"4425\" class=\"elementor elementor-4425\" data-elementor-post-type=\"page\">\n\t\t\t\t<div class=\"has_eae_slider elementor-element elementor-element-543d988 e-flex e-con-boxed e-con e-parent\" data-eae-slider=\"44600\" data-id=\"543d988\" data-element_type=\"container\">\n\t\t\t\t\t<div class=\"e-con-inner\">\n\t\t<div class=\"has_eae_slider elementor-element elementor-element-e865c21 e-flex e-con-boxed e-con e-parent\" data-eae-slider=\"88222\" data-id=\"e865c21\" data-element_type=\"container\">\n\t\t\t\t\t<div class=\"e-con-inner\">\n\t\t<div class=\"has_eae_slider elementor-element elementor-element-a6ae4b8 e-con-full e-flex e-con e-parent\" data-eae-slider=\"15767\" data-id=\"a6ae4b8\" data-element_type=\"container\">\n\t\t\t\t<div class=\"elementor-element elementor-element-9721c5b elementor-widget elementor-widget-heading\" data-id=\"9721c5b\" data-element_type=\"widget\" data-widget_type=\"heading.default\">\n\t\t\t\t<div class=\"elementor-widget-container\">\n\t\t\t\t\t<h3 class=\"elementor-heading-title elementor-size-default\">Sunday, September 10 - 11 H<\/h3>\t\t\t\t<\/div>\n\t\t\t\t<\/div>\n\t\t<div class=\"has_eae_slider elementor-element elementor-element-deb27c4 e-flex e-con-boxed e-con e-parent\" data-eae-slider=\"37005\" data-id=\"deb27c4\" data-element_type=\"container\">\n\t\t\t\t\t<div class=\"e-con-inner\">\n\t\t\t\t<div class=\"elementor-element elementor-element-a8ee679 elementor-widget__width-initial elementor-view-default elementor-widget elementor-widget-icon\" data-id=\"a8ee679\" data-element_type=\"widget\" data-widget_type=\"icon.default\">\n\t\t\t\t<div class=\"elementor-widget-container\">\n\t\t\t\t\t\t\t<div class=\"elementor-icon-wrapper\">\n\t\t\t<div class=\"elementor-icon\">\n\t\t\t<svg xmlns=\"http:\/\/www.w3.org\/2000\/svg\" id=\"Layer_2\" data-name=\"Layer 2\" viewBox=\"0 0 56.87 70.07\"><defs><style>      .cls-1 {        fill: #009444;      }    <\/style><\/defs><g id=\"Layer_1-2\" data-name=\"Layer 1\"><path class=\"cls-1\" d=\"m56.87,2.93l-.89,64.32c-.03,2.77-3.6,3.87-5.22,1.61l-16.68-23.45c-.53-.79-1.44-1.23-2.39-1.18l-28.74.58c-2.78.05-4.02-3.47-1.82-5.15L52.24.6c1.26-.97,3.06-.74,4.03.52.4.52.61,1.16.6,1.81Z\"><\/path><\/g><\/svg>\t\t\t<\/div>\n\t\t<\/div>\n\t\t\t\t\t\t<\/div>\n\t\t\t\t<\/div>\n\t\t\t\t<div class=\"elementor-element elementor-element-05aae0e elementor-widget__width-initial elementor-widget elementor-widget-heading\" data-id=\"05aae0e\" data-element_type=\"widget\" data-widget_type=\"heading.default\">\n\t\t\t\t<div class=\"elementor-widget-container\">\n\t\t\t\t\t<h3 class=\"elementor-heading-title elementor-size-default\">Main stage<\/h3>\t\t\t\t<\/div>\n\t\t\t\t<\/div>\n\t\t\t\t\t<\/div>\n\t\t\t\t<\/div>\n\t\t\t\t<div class=\"elementor-element elementor-element-da5d98a elementor-widget__width-initial elementor-widget elementor-widget-heading\" data-id=\"da5d98a\" data-element_type=\"widget\" data-widget_type=\"heading.default\">\n\t\t\t\t<div class=\"elementor-widget-container\">\n\t\t\t\t\t<h2 class=\"elementor-heading-title elementor-size-default\">CH\u0152UR CELTIQUE DE ST-MALACHIE<\/h2>\t\t\t\t<\/div>\n\t\t\t\t<\/div>\n\t\t\t\t<div class=\"elementor-element elementor-element-2a4cadb elementor-widget elementor-widget-text-editor\" data-id=\"2a4cadb\" data-element_type=\"widget\" data-widget_type=\"text-editor.default\">\n\t\t\t\t<div class=\"elementor-widget-container\">\n\t\t\t\t\t\t\t\t\t<p>Ch\u0153ur Celtique de St-Malachie The Ch\u0153ur Celtique de St-Malachie invites you to a meeting of traditional Scottish, Irish, Breton and Qu\u00e9b\u00e9cois songs. Formed in 2017 for the Festival Celtes et Cie de St-Malachie, this choir now includes 30 choristers accompanied by violin, cello, percussion and guitar. Directed by Olivier Leclerc, this choir celebrates the Celtic origins of the founders of our Quebec culture to bring out the beauty of this repertoire that has united us for hundreds, if not thousands, of years.<\/p>\n\t\t\t\t\t\t\t\t<\/div>\n\t\t\t\t<\/div>\n\t\t\t\t<div class=\"elementor-element elementor-element-a53be63 elementor-mobile-align-center elementor-hidden-mobile elementor-widget elementor-widget-button\" data-id=\"a53be63\" data-element_type=\"widget\" data-widget_type=\"button.default\">\n\t\t\t\t<div class=\"elementor-widget-container\">\n\t\t\t\t\t\t\t\t\t<div class=\"elementor-button-wrapper\">\n\t\t\t\t\t<a class=\"elementor-button elementor-button-link elementor-size-sm elementor-animation-grow\" href=\"https:\/\/festival-celtique.com\/programmation-2023\/\">\n\t\t\t\t\t\t<span class=\"elementor-button-content-wrapper\">\n\t\t\t\t\t\t\t\t\t<span class=\"elementor-button-text\">Back to program<\/span>\n\t\t\t\t\t<\/span>\n\t\t\t\t\t<\/a>\n\t\t\t\t<\/div>\n\t\t\t\t\t\t\t\t<\/div>\n\t\t\t\t<\/div>\n\t\t\t\t<\/div>\n\t\t<div class=\"has_eae_slider elementor-element elementor-element-4001e6e e-flex e-con-boxed e-con e-parent\" data-eae-slider=\"51399\" data-id=\"4001e6e\" data-element_type=\"container\" data-settings=\"{&quot;background_background&quot;:&quot;classic&quot;}\">\n\t\t\t\t\t<div class=\"e-con-inner\">\n\t\t\t\t<div class=\"elementor-element elementor-element-182f8ba elementor-widget elementor-widget-spacer\" data-id=\"182f8ba\" data-element_type=\"widget\" data-widget_type=\"spacer.default\">\n\t\t\t\t<div class=\"elementor-widget-container\">\n\t\t\t\t\t\t\t<div class=\"elementor-spacer\">\n\t\t\t<div class=\"elementor-spacer-inner\"><\/div>\n\t\t<\/div>\n\t\t\t\t\t\t<\/div>\n\t\t\t\t<\/div>\n\t\t\t\t\t<\/div>\n\t\t\t\t<\/div>\n\t\t\t\t\t<\/div>\n\t\t\t\t<\/div>\n\t\t\t\t<div class=\"elementor-element elementor-element-e50fce6 elementor-mobile-align-center elementor-hidden-desktop elementor-hidden-tablet elementor-widget elementor-widget-button\" data-id=\"e50fce6\" data-element_type=\"widget\" data-widget_type=\"button.default\">\n\t\t\t\t<div class=\"elementor-widget-container\">\n\t\t\t\t\t\t\t\t\t<div class=\"elementor-button-wrapper\">\n\t\t\t\t\t<a class=\"elementor-button elementor-button-link elementor-size-sm elementor-animation-grow\" href=\"https:\/\/festival-celtique.com\/programmation-2023\/\">\n\t\t\t\t\t\t<span class=\"elementor-button-content-wrapper\">\n\t\t\t\t\t\t\t\t\t<span class=\"elementor-button-text\">Back to program<\/span>\n\t\t\t\t\t<\/span>\n\t\t\t\t\t<\/a>\n\t\t\t\t<\/div>\n\t\t\t\t\t\t\t\t<\/div>\n\t\t\t\t<\/div>\n\t\t\t\t\t<\/div>\n\t\t\t\t<\/div>\n\t\t\t\t<\/div>\n\t\t","protected":false},"excerpt":{"rendered":"<p>Sunday, September 10 &#8211; 11 H Main stage CH\u0152UR CELTIQUE DE ST-MALACHIE Ch\u0153ur Celtique de St-Malachie The Ch\u0153ur Celtique de St-Malachie invites you to a meeting of traditional Scottish, Irish, Breton and Qu\u00e9b\u00e9cois songs. Formed in 2017 for the Festival Celtes et Cie de St-Malachie, this choir now includes 30 choristers accompanied by violin, cello, [&hellip;]<\/p>\n","protected":false},"author":1,"featured_media":0,"parent":0,"menu_order":0,"comment_status":"closed","ping_status":"closed","template":"elementor_header_footer","meta":{"footnotes":""},"class_list":["post-4425","page","type-page","status-publish","hentry"],"yoast_head":"<!-- This site is optimized with the Yoast SEO plugin v25.8 - https:\/\/yoast.com\/wordpress\/plugins\/seo\/ -->\n<title>Ch\u0153ur Celtique de St-Malachie - Festival celtique de Qu\u00e9bec<\/title>\n<meta name=\"robots\" content=\"index, follow, max-snippet:-1, max-image-preview:large, max-video-preview:-1\" \/>\n<link rel=\"canonical\" href=\"https:\/\/festival-celtique.com\/choeur-celtique-de-st-malachie\/\" \/>\n<meta property=\"og:locale\" content=\"en_US\" \/>\n<meta property=\"og:type\" content=\"article\" \/>\n<meta property=\"og:title\" content=\"Ch\u0153ur Celtique de St-Malachie - Festival celtique de Qu\u00e9bec\" \/>\n<meta property=\"og:description\" content=\"Sunday, September 10 &#8211; 11 H Main stage CH\u0152UR CELTIQUE DE ST-MALACHIE Ch\u0153ur Celtique de St-Malachie The Ch\u0153ur Celtique de St-Malachie invites you to a meeting of traditional Scottish, Irish, Breton and Qu\u00e9b\u00e9cois songs. Formed in 2017 for the Festival Celtes et Cie de St-Malachie, this choir now includes 30 choristers accompanied by violin, cello, [&hellip;]\" \/>\n<meta property=\"og:url\" content=\"https:\/\/festival-celtique.com\/choeur-celtique-de-st-malachie\/\" \/>\n<meta property=\"og:site_name\" content=\"Festival celtique de Qu\u00e9bec\" \/>\n<meta property=\"article:publisher\" content=\"https:\/\/www.facebook.com\/festivalceltiqueqc\/\" \/>\n<meta property=\"article:modified_time\" content=\"2023-08-18T15:10:47+00:00\" \/>\n<meta name=\"twitter:card\" content=\"summary_large_image\" \/>\n<meta name=\"twitter:label1\" content=\"Est. reading time\" \/>\n\t<meta name=\"twitter:data1\" content=\"1 minute\" \/>\n<script type=\"application\/ld+json\" class=\"yoast-schema-graph\">{\"@context\":\"https:\/\/schema.org\",\"@graph\":[{\"@type\":\"WebPage\",\"@id\":\"https:\/\/festival-celtique.com\/choeur-celtique-de-st-malachie\/\",\"url\":\"https:\/\/festival-celtique.com\/choeur-celtique-de-st-malachie\/\",\"name\":\"Ch\u0153ur Celtique de St-Malachie - Festival celtique de Qu\u00e9bec\",\"isPartOf\":{\"@id\":\"https:\/\/festival-celtique.com\/#website\"},\"datePublished\":\"2023-07-21T22:30:35+00:00\",\"dateModified\":\"2023-08-18T15:10:47+00:00\",\"breadcrumb\":{\"@id\":\"https:\/\/festival-celtique.com\/choeur-celtique-de-st-malachie\/#breadcrumb\"},\"inLanguage\":\"en-US\",\"potentialAction\":[{\"@type\":\"ReadAction\",\"target\":[\"https:\/\/festival-celtique.com\/choeur-celtique-de-st-malachie\/\"]}]},{\"@type\":\"BreadcrumbList\",\"@id\":\"https:\/\/festival-celtique.com\/choeur-celtique-de-st-malachie\/#breadcrumb\",\"itemListElement\":[{\"@type\":\"ListItem\",\"position\":1,\"name\":\"Accueil\",\"item\":\"https:\/\/festival-celtique.com\/en\/\"},{\"@type\":\"ListItem\",\"position\":2,\"name\":\"Ch\u0153ur Celtique de St-Malachie\"}]},{\"@type\":\"WebSite\",\"@id\":\"https:\/\/festival-celtique.com\/#website\",\"url\":\"https:\/\/festival-celtique.com\/\",\"name\":\"Festival celtique de Qu\u00e9bec\",\"description\":\"Vous \u00eates plus celte que vous ne le croyez!\",\"publisher\":{\"@id\":\"https:\/\/festival-celtique.com\/#organization\"},\"potentialAction\":[{\"@type\":\"SearchAction\",\"target\":{\"@type\":\"EntryPoint\",\"urlTemplate\":\"https:\/\/festival-celtique.com\/?s={search_term_string}\"},\"query-input\":{\"@type\":\"PropertyValueSpecification\",\"valueRequired\":true,\"valueName\":\"search_term_string\"}}],\"inLanguage\":\"en-US\"},{\"@type\":\"Organization\",\"@id\":\"https:\/\/festival-celtique.com\/#organization\",\"name\":\"Festival celtique de Qu\u00e9bec\",\"url\":\"https:\/\/festival-celtique.com\/\",\"logo\":{\"@type\":\"ImageObject\",\"inLanguage\":\"en-US\",\"@id\":\"https:\/\/festival-celtique.com\/#\/schema\/logo\/image\/\",\"url\":\"https:\/\/festival-celtique.com\/wp-content\/uploads\/2021\/08\/Logo-FCQ.png\",\"contentUrl\":\"https:\/\/festival-celtique.com\/wp-content\/uploads\/2021\/08\/Logo-FCQ.png\",\"width\":650,\"height\":450,\"caption\":\"Festival celtique de Qu\u00e9bec\"},\"image\":{\"@id\":\"https:\/\/festival-celtique.com\/#\/schema\/logo\/image\/\"},\"sameAs\":[\"https:\/\/www.facebook.com\/festivalceltiqueqc\/\",\"https:\/\/www.instagram.com\/festivalceltiqueqc\/\",\"https:\/\/www.linkedin.com\/company\/festival-celtique-de-qu-bec\/\",\"https:\/\/www.youtube.com\/channel\/UCpaTPQtbHZMBs3NnHtkzr_Q\",\"https:\/\/fr.wikipedia.org\/wiki\/Festival_celtique_de_quebec\"]}]}<\/script>\n<!-- \/ Yoast SEO plugin. -->","yoast_head_json":{"title":"Ch\u0153ur Celtique de St-Malachie - Festival celtique de Qu\u00e9bec","robots":{"index":"index","follow":"follow","max-snippet":"max-snippet:-1","max-image-preview":"max-image-preview:large","max-video-preview":"max-video-preview:-1"},"canonical":"https:\/\/festival-celtique.com\/choeur-celtique-de-st-malachie\/","og_locale":"en_US","og_type":"article","og_title":"Ch\u0153ur Celtique de St-Malachie - Festival celtique de Qu\u00e9bec","og_description":"Sunday, September 10 &#8211; 11 H Main stage CH\u0152UR CELTIQUE DE ST-MALACHIE Ch\u0153ur Celtique de St-Malachie The Ch\u0153ur Celtique de St-Malachie invites you to a meeting of traditional Scottish, Irish, Breton and Qu\u00e9b\u00e9cois songs. Formed in 2017 for the Festival Celtes et Cie de St-Malachie, this choir now includes 30 choristers accompanied by violin, cello, [&hellip;]","og_url":"https:\/\/festival-celtique.com\/choeur-celtique-de-st-malachie\/","og_site_name":"Festival celtique de Qu\u00e9bec","article_publisher":"https:\/\/www.facebook.com\/festivalceltiqueqc\/","article_modified_time":"2023-08-18T15:10:47+00:00","twitter_card":"summary_large_image","twitter_misc":{"Est. reading time":"1 minute"},"schema":{"@context":"https:\/\/schema.org","@graph":[{"@type":"WebPage","@id":"https:\/\/festival-celtique.com\/choeur-celtique-de-st-malachie\/","url":"https:\/\/festival-celtique.com\/choeur-celtique-de-st-malachie\/","name":"Ch\u0153ur Celtique de St-Malachie - Festival celtique de Qu\u00e9bec","isPartOf":{"@id":"https:\/\/festival-celtique.com\/#website"},"datePublished":"2023-07-21T22:30:35+00:00","dateModified":"2023-08-18T15:10:47+00:00","breadcrumb":{"@id":"https:\/\/festival-celtique.com\/choeur-celtique-de-st-malachie\/#breadcrumb"},"inLanguage":"en-US","potentialAction":[{"@type":"ReadAction","target":["https:\/\/festival-celtique.com\/choeur-celtique-de-st-malachie\/"]}]},{"@type":"BreadcrumbList","@id":"https:\/\/festival-celtique.com\/choeur-celtique-de-st-malachie\/#breadcrumb","itemListElement":[{"@type":"ListItem","position":1,"name":"Accueil","item":"https:\/\/festival-celtique.com\/en\/"},{"@type":"ListItem","position":2,"name":"Ch\u0153ur Celtique de St-Malachie"}]},{"@type":"WebSite","@id":"https:\/\/festival-celtique.com\/#website","url":"https:\/\/festival-celtique.com\/","name":"Festival celtique de Qu\u00e9bec","description":"Vous \u00eates plus celte que vous ne le croyez!","publisher":{"@id":"https:\/\/festival-celtique.com\/#organization"},"potentialAction":[{"@type":"SearchAction","target":{"@type":"EntryPoint","urlTemplate":"https:\/\/festival-celtique.com\/?s={search_term_string}"},"query-input":{"@type":"PropertyValueSpecification","valueRequired":true,"valueName":"search_term_string"}}],"inLanguage":"en-US"},{"@type":"Organization","@id":"https:\/\/festival-celtique.com\/#organization","name":"Festival celtique de Qu\u00e9bec","url":"https:\/\/festival-celtique.com\/","logo":{"@type":"ImageObject","inLanguage":"en-US","@id":"https:\/\/festival-celtique.com\/#\/schema\/logo\/image\/","url":"https:\/\/festival-celtique.com\/wp-content\/uploads\/2021\/08\/Logo-FCQ.png","contentUrl":"https:\/\/festival-celtique.com\/wp-content\/uploads\/2021\/08\/Logo-FCQ.png","width":650,"height":450,"caption":"Festival celtique de Qu\u00e9bec"},"image":{"@id":"https:\/\/festival-celtique.com\/#\/schema\/logo\/image\/"},"sameAs":["https:\/\/www.facebook.com\/festivalceltiqueqc\/","https:\/\/www.instagram.com\/festivalceltiqueqc\/","https:\/\/www.linkedin.com\/company\/festival-celtique-de-qu-bec\/","https:\/\/www.youtube.com\/channel\/UCpaTPQtbHZMBs3NnHtkzr_Q","https:\/\/fr.wikipedia.org\/wiki\/Festival_celtique_de_quebec"]}]}},"_links":{"self":[{"href":"https:\/\/festival-celtique.com\/en\/wp-json\/wp\/v2\/pages\/4425","targetHints":{"allow":["GET"]}}],"collection":[{"href":"https:\/\/festival-celtique.com\/en\/wp-json\/wp\/v2\/pages"}],"about":[{"href":"https:\/\/festival-celtique.com\/en\/wp-json\/wp\/v2\/types\/page"}],"author":[{"embeddable":true,"href":"https:\/\/festival-celtique.com\/en\/wp-json\/wp\/v2\/users\/1"}],"replies":[{"embeddable":true,"href":"https:\/\/festival-celtique.com\/en\/wp-json\/wp\/v2\/comments?post=4425"}],"version-history":[{"count":3,"href":"https:\/\/festival-celtique.com\/en\/wp-json\/wp\/v2\/pages\/4425\/revisions"}],"predecessor-version":[{"id":4974,"href":"https:\/\/festival-celtique.com\/en\/wp-json\/wp\/v2\/pages\/4425\/revisions\/4974"}],"wp:attachment":[{"href":"https:\/\/festival-celtique.com\/en\/wp-json\/wp\/v2\/media?parent=4425"}],"curies":[{"name":"wp","href":"https:\/\/api.w.org\/{rel}","templated":true}]}}